{"id":11,"date":"2013-07-15T13:00:25","date_gmt":"2013-07-15T13:00:25","guid":{"rendered":"http:\/\/asn.help\/?page_id=11"},"modified":"2021-04-21T14:13:28","modified_gmt":"2021-04-21T14:13:28","slug":"ueber-uns","status":"publish","type":"page","link":"https:\/\/asn.help\/?page_id=11","title":{"rendered":"\u00dcber uns"},"content":{"rendered":"<p><a href=\"https:\/\/asn.help\/wp-content\/uploads\/2013\/07\/DSCN0042.jpg\"><img loading=\"lazy\" decoding=\"async\" class=\"aligncenter size-full wp-image-81\" src=\"https:\/\/asn.help\/wp-content\/uploads\/2013\/07\/DSCN0042.jpg\" alt=\"DSCN0042\" width=\"1024\" height=\"768\" srcset=\"https:\/\/asn.help\/wp-content\/uploads\/2013\/07\/DSCN0042.jpg 1024w, https:\/\/asn.help\/wp-content\/uploads\/2013\/07\/DSCN0042-300x225.jpg 300w\" sizes=\"auto, (max-width: 1024px) 100vw, 1024px\" \/><\/a>Am 3. Juli lauschten geladene G\u00e4ste \u00fcber die Idee zur Gr\u00fcndung von ASN.<\/p>\n<p>Weil eine immer gr\u00f6\u00dfere Notwendigkeit f\u00fcr Missionsarbeit in einem sich entchristlichenden Umfeld gesehen wird;\u00a0 planen wir eine entsprechende Apostolatsarbeit mittels verschiedenen Print- und elektronischen Medien; Projekte, die religi\u00f6s, moralisch gepr\u00e4gt sind zu f\u00f6rdern bzw. bei Bedarf neu aufzubauen; ggf. zu begleiten.<br \/>\nDarunter auch geistliche Lebensformen, zivile Lebensgemeinschaften wie Ehen, Kinderkrippen &amp; -g\u00e4rten und Schulen, sowie kloster\u00e4hnlich lebenden Gemeinschaften, die sich an der r\u00f6misch katholischen Grundordnung und Lehre ausrichten.<\/p>\n<p>Da diese Idee von katholischen Christen aus \u00d6sterreich und Deutschland unterst\u00fctzt wird, findet je eine Gr\u00fcndung in diesen L\u00e4ndern statt. Die zwar jeder selbstst\u00e4ndig arbeiten, aber auch in Kooperation im st\u00e4ndigen Austausch Projekte gemeinsam planen bzw. F\u00f6rderungen besprechen.<\/p>\n<p>Am 27. Juli fand die Gr\u00fcndung vom deutschen Apostolatsverein ASN mit 15 Teilnehmern statt.<\/p>\n<p>Am 11. August gr\u00fcndeten 12 Teilnehmer den \u00f6sterreichischen Apostolatsverein ASN.<\/p>\n","protected":false},"excerpt":{"rendered":"<p>Am 3. Juli lauschten geladene G\u00e4ste \u00fcber die Idee zur Gr\u00fcndung von ASN. Weil eine immer gr\u00f6\u00dfere Notwendigkeit f\u00fcr Missionsarbeit in einem sich entchristlichenden Umfeld gesehen wird;\u00a0 planen wir eine entsprechende Apostolatsarbeit mittels verschiedenen Print- und elektronischen Medien; Projekte, die religi\u00f6s, moralisch gepr\u00e4gt sind zu f\u00f6rdern bzw. bei Bedarf neu aufzubauen; ggf. zu begleiten. Darunter &hellip; <a href=\"https:\/\/asn.help\/?page_id=11\" class=\"more-link\"><span class=\"screen-reader-text\">\u00dcber uns<\/span> weiterlesen <span class=\"meta-nav\">&rarr;<\/span><\/a><\/p>\n","protected":false},"author":5,"featured_media":0,"parent":8,"menu_order":0,"comment_status":"open","ping_status":"closed","template":"","meta":{"footnotes":""},"class_list":["post-11","page","type-page","status-publish","hentry"],"_links":{"self":[{"href":"https:\/\/asn.help\/index.php?rest_route=\/wp\/v2\/pages\/11","targetHints":{"allow":["GET"]}}],"collection":[{"href":"https:\/\/asn.help\/index.php?rest_route=\/wp\/v2\/pages"}],"about":[{"href":"https:\/\/asn.help\/index.php?rest_route=\/wp\/v2\/types\/page"}],"author":[{"embeddable":true,"href":"https:\/\/asn.help\/index.php?rest_route=\/wp\/v2\/users\/5"}],"replies":[{"embeddable":true,"href":"https:\/\/asn.help\/index.php?rest_route=%2Fwp%2Fv2%2Fcomments&post=11"}],"version-history":[{"count":6,"href":"https:\/\/asn.help\/index.php?rest_route=\/wp\/v2\/pages\/11\/revisions"}],"predecessor-version":[{"id":1310,"href":"https:\/\/asn.help\/index.php?rest_route=\/wp\/v2\/pages\/11\/revisions\/1310"}],"up":[{"embeddable":true,"href":"https:\/\/asn.help\/index.php?rest_route=\/wp\/v2\/pages\/8"}],"wp:attachment":[{"href":"https:\/\/asn.help\/index.php?rest_route=%2Fwp%2Fv2%2Fmedia&parent=11"}],"curies":[{"name":"wp","href":"https:\/\/api.w.org\/{rel}","templated":true}]}}